{"id":48,"date":"2022-11-07T11:08:42","date_gmt":"2022-11-07T10:08:42","guid":{"rendered":"https:\/\/www.myli-immobilier.fr\/?page_id=48"},"modified":"2022-11-08T15:44:31","modified_gmt":"2022-11-08T14:44:31","slug":"qualite-et-confort-des-logements","status":"publish","type":"page","link":"https:\/\/www.myli-immobilier.fr\/index.php\/qualite-et-confort-des-logements\/","title":{"rendered":"Qualit\u00e9 et confort des logements"},"content":{"rendered":"\t\t<div data-elementor-type=\"wp-page\" data-elementor-id=\"48\" class=\"elementor elementor-48\">\n\t\t\t\t\t\t<section class=\"elementor-section elementor-top-section elementor-element elementor-element-15409c80 elementor-section-height-min-height elementor-section-boxed elementor-section-height-default elementor-section-items-middle\" data-id=\"15409c80\" data-element_type=\"section\" data-e-type=\"section\">\n\t\t\t\t\t\t<div class=\"elementor-container elementor-column-gap-default\">\n\t\t\t\t\t<div class=\"elementor-column elementor-col-100 elementor-top-column elementor-element elementor-element-36a02aa2\" data-id=\"36a02aa2\" data-element_type=\"column\" data-e-type=\"column\">\n\t\t\t<div class=\"elementor-widget-wrap elementor-element-populated\">\n\t\t\t\t\t\t<div class=\"elementor-element elementor-element-26a08311 elementor-widget__width-inherit elementor-widget elementor-widget-image\" data-id=\"26a08311\" data-element_type=\"widget\" data-e-type=\"widget\" data-widget_type=\"image.default\">\n\t\t\t\t<div class=\"elementor-widget-container\">\n\t\t\t\t\t\t\t\t\t\t\t\t\t\t\t<img fetchpriority=\"high\" decoding=\"async\" width=\"2560\" height=\"885\" src=\"https:\/\/www.myli-immobilier.fr\/wp-content\/uploads\/2022\/11\/bandeau-scaled.jpg\" class=\"attachment-full size-full wp-image-91\" alt=\"\" srcset=\"https:\/\/www.myli-immobilier.fr\/wp-content\/uploads\/2022\/11\/bandeau-scaled.jpg 2560w, https:\/\/www.myli-immobilier.fr\/wp-content\/uploads\/2022\/11\/bandeau-300x104.jpg 300w, https:\/\/www.myli-immobilier.fr\/wp-content\/uploads\/2022\/11\/bandeau-1024x354.jpg 1024w, https:\/\/www.myli-immobilier.fr\/wp-content\/uploads\/2022\/11\/bandeau-768x266.jpg 768w, https:\/\/www.myli-immobilier.fr\/wp-content\/uploads\/2022\/11\/bandeau-1536x531.jpg 1536w, https:\/\/www.myli-immobilier.fr\/wp-content\/uploads\/2022\/11\/bandeau-2048x708.jpg 2048w\" sizes=\"(max-width: 2560px) 100vw, 2560px\" \/>\t\t\t\t\t\t\t\t\t\t\t\t\t\t\t<\/div>\n\t\t\t\t<\/div>\n\t\t\t\t\t<\/div>\n\t\t<\/div>\n\t\t\t\t\t<\/div>\n\t\t<\/section>\n\t\t\t\t<section class=\"elementor-section elementor-top-section elementor-element elementor-element-3a1f9df elementor-section-boxed elementor-section-height-default elementor-section-height-default\" data-id=\"3a1f9df\" data-element_type=\"section\" data-e-type=\"section\">\n\t\t\t\t\t\t<div class=\"elementor-container elementor-column-gap-default\">\n\t\t\t\t\t<div class=\"elementor-column elementor-col-100 elementor-top-column elementor-element elementor-element-e79aeae\" data-id=\"e79aeae\" data-element_type=\"column\" data-e-type=\"column\">\n\t\t\t<div class=\"elementor-widget-wrap elementor-element-populated\">\n\t\t\t\t\t\t<div class=\"elementor-element elementor-element-6004501 elementor-widget elementor-widget-spacer\" data-id=\"6004501\" data-element_type=\"widget\" data-e-type=\"widget\" data-widget_type=\"spacer.default\">\n\t\t\t\t<div class=\"elementor-widget-container\">\n\t\t\t\t\t\t\t<div class=\"elementor-spacer\">\n\t\t\t<div class=\"elementor-spacer-inner\"><\/div>\n\t\t<\/div>\n\t\t\t\t\t\t<\/div>\n\t\t\t\t<\/div>\n\t\t\t\t<div class=\"elementor-element elementor-element-dc939bb elementor-widget elementor-widget-heading\" data-id=\"dc939bb\" data-element_type=\"widget\" data-e-type=\"widget\" data-widget_type=\"heading.default\">\n\t\t\t\t<div class=\"elementor-widget-container\">\n\t\t\t\t\t<h2 class=\"elementor-heading-title elementor-size-default\">qualit\u00e9 et confort des logements<\/h2>\t\t\t\t<\/div>\n\t\t\t\t<\/div>\n\t\t\t\t<div class=\"elementor-element elementor-element-8284ca8 elementor-widget elementor-widget-spacer\" data-id=\"8284ca8\" data-element_type=\"widget\" data-e-type=\"widget\" data-widget_type=\"spacer.default\">\n\t\t\t\t<div class=\"elementor-widget-container\">\n\t\t\t\t\t\t\t<div class=\"elementor-spacer\">\n\t\t\t<div class=\"elementor-spacer-inner\"><\/div>\n\t\t<\/div>\n\t\t\t\t\t\t<\/div>\n\t\t\t\t<\/div>\n\t\t\t\t\t<\/div>\n\t\t<\/div>\n\t\t\t\t\t<\/div>\n\t\t<\/section>\n\t\t\t\t<section class=\"elementor-section elementor-top-section elementor-element elementor-element-a6eaf39 elementor-section-boxed elementor-section-height-default elementor-section-height-default elementor-invisible\" data-id=\"a6eaf39\" data-element_type=\"section\" data-e-type=\"section\" data-settings=\"{&quot;animation&quot;:&quot;fadeIn&quot;}\">\n\t\t\t\t\t\t<div class=\"elementor-container elementor-column-gap-default\">\n\t\t\t\t\t<div class=\"elementor-column elementor-col-50 elementor-top-column elementor-element elementor-element-02b1cd6\" data-id=\"02b1cd6\" data-element_type=\"column\" data-e-type=\"column\">\n\t\t\t<div class=\"elementor-widget-wrap elementor-element-populated\">\n\t\t\t\t\t\t<div class=\"elementor-element elementor-element-0d5eb63 elementor-widget elementor-widget-image\" data-id=\"0d5eb63\" data-element_type=\"widget\" data-e-type=\"widget\" data-widget_type=\"image.default\">\n\t\t\t\t<div class=\"elementor-widget-container\">\n\t\t\t\t\t\t\t\t\t\t\t\t\t\t\t<img decoding=\"async\" width=\"1683\" height=\"1779\" src=\"https:\/\/www.myli-immobilier.fr\/wp-content\/uploads\/2022\/11\/pexels-tatiana-syrikova-3933097-scaled-e1667917374839.jpg\" class=\"attachment-full size-full wp-image-313\" alt=\"\" srcset=\"https:\/\/www.myli-immobilier.fr\/wp-content\/uploads\/2022\/11\/pexels-tatiana-syrikova-3933097-scaled-e1667917374839.jpg 1683w, https:\/\/www.myli-immobilier.fr\/wp-content\/uploads\/2022\/11\/pexels-tatiana-syrikova-3933097-scaled-e1667917374839-284x300.jpg 284w, https:\/\/www.myli-immobilier.fr\/wp-content\/uploads\/2022\/11\/pexels-tatiana-syrikova-3933097-scaled-e1667917374839-969x1024.jpg 969w, https:\/\/www.myli-immobilier.fr\/wp-content\/uploads\/2022\/11\/pexels-tatiana-syrikova-3933097-scaled-e1667917374839-768x812.jpg 768w, https:\/\/www.myli-immobilier.fr\/wp-content\/uploads\/2022\/11\/pexels-tatiana-syrikova-3933097-scaled-e1667917374839-1453x1536.jpg 1453w\" sizes=\"(max-width: 1683px) 100vw, 1683px\" \/>\t\t\t\t\t\t\t\t\t\t\t\t\t\t\t<\/div>\n\t\t\t\t<\/div>\n\t\t\t\t\t<\/div>\n\t\t<\/div>\n\t\t\t\t<div class=\"elementor-column elementor-col-50 elementor-top-column elementor-element elementor-element-ee45f6c\" data-id=\"ee45f6c\" data-element_type=\"column\" data-e-type=\"column\">\n\t\t\t<div class=\"elementor-widget-wrap elementor-element-populated\">\n\t\t\t\t\t\t<div class=\"elementor-element elementor-element-473ecdc elementor-view-default elementor-widget elementor-widget-icon\" data-id=\"473ecdc\" data-element_type=\"widget\" data-e-type=\"widget\" data-widget_type=\"icon.default\">\n\t\t\t\t<div class=\"elementor-widget-container\">\n\t\t\t\t\t\t\t<div class=\"elementor-icon-wrapper\">\n\t\t\t<div class=\"elementor-icon\">\n\t\t\t<i aria-hidden=\"true\" class=\"fas fa-home\"><\/i>\t\t\t<\/div>\n\t\t<\/div>\n\t\t\t\t\t\t<\/div>\n\t\t\t\t<\/div>\n\t\t\t\t<div class=\"elementor-element elementor-element-9b7d2d0 elementor-widget elementor-widget-text-editor\" data-id=\"9b7d2d0\" data-element_type=\"widget\" data-e-type=\"widget\" data-widget_type=\"text-editor.default\">\n\t\t\t\t<div class=\"elementor-widget-container\">\n\t\t\t\t\t\t\t\t\t<p>Tous les logements interm\u00e9diaires offrent des <strong>prestations de haut niveau,<\/strong> sup\u00e9rieures aux standards du march\u00e9 pour l\u2019accession : parquet, carrelage, volets \u00e9lectriques, etc.<\/p>\t\t\t\t\t\t\t\t<\/div>\n\t\t\t\t<\/div>\n\t\t\t\t\t<\/div>\n\t\t<\/div>\n\t\t\t\t\t<\/div>\n\t\t<\/section>\n\t\t\t\t<section class=\"elementor-section elementor-top-section elementor-element elementor-element-e2bfa88 elementor-section-boxed elementor-section-height-default elementor-section-height-default\" data-id=\"e2bfa88\" data-element_type=\"section\" data-e-type=\"section\">\n\t\t\t\t\t\t<div class=\"elementor-container elementor-column-gap-default\">\n\t\t\t\t\t<div class=\"elementor-column elementor-col-100 elementor-top-column elementor-element elementor-element-f5ca404\" data-id=\"f5ca404\" data-element_type=\"column\" data-e-type=\"column\">\n\t\t\t<div class=\"elementor-widget-wrap elementor-element-populated\">\n\t\t\t\t\t\t<div class=\"elementor-element elementor-element-400e3ad elementor-widget elementor-widget-spacer\" data-id=\"400e3ad\" data-element_type=\"widget\" data-e-type=\"widget\" data-widget_type=\"spacer.default\">\n\t\t\t\t<div class=\"elementor-widget-container\">\n\t\t\t\t\t\t\t<div class=\"elementor-spacer\">\n\t\t\t<div class=\"elementor-spacer-inner\"><\/div>\n\t\t<\/div>\n\t\t\t\t\t\t<\/div>\n\t\t\t\t<\/div>\n\t\t\t\t\t<\/div>\n\t\t<\/div>\n\t\t\t\t\t<\/div>\n\t\t<\/section>\n\t\t\t\t<section class=\"elementor-section elementor-top-section elementor-element elementor-element-227f6af elementor-section-boxed elementor-section-height-default elementor-section-height-default elementor-invisible\" data-id=\"227f6af\" data-element_type=\"section\" data-e-type=\"section\" data-settings=\"{&quot;animation&quot;:&quot;fadeIn&quot;}\">\n\t\t\t\t\t\t<div class=\"elementor-container elementor-column-gap-default\">\n\t\t\t\t\t<div class=\"elementor-column elementor-col-50 elementor-top-column elementor-element elementor-element-60eab3b\" data-id=\"60eab3b\" data-element_type=\"column\" data-e-type=\"column\">\n\t\t\t<div class=\"elementor-widget-wrap elementor-element-populated\">\n\t\t\t\t\t\t<div class=\"elementor-element elementor-element-775f6c9 elementor-view-default elementor-widget elementor-widget-icon\" data-id=\"775f6c9\" data-element_type=\"widget\" data-e-type=\"widget\" data-widget_type=\"icon.default\">\n\t\t\t\t<div class=\"elementor-widget-container\">\n\t\t\t\t\t\t\t<div class=\"elementor-icon-wrapper\">\n\t\t\t<div class=\"elementor-icon\">\n\t\t\t<i aria-hidden=\"true\" class=\"fas fa-leaf\"><\/i>\t\t\t<\/div>\n\t\t<\/div>\n\t\t\t\t\t\t<\/div>\n\t\t\t\t<\/div>\n\t\t\t\t<div class=\"elementor-element elementor-element-73ecbf3 elementor-widget elementor-widget-text-editor\" data-id=\"73ecbf3\" data-element_type=\"widget\" data-e-type=\"widget\" data-widget_type=\"text-editor.default\">\n\t\t\t\t<div class=\"elementor-widget-container\">\n\t\t\t\t\t\t\t\t\t<p>Tous les b\u00e2timents r\u00e9pondent aux <strong>performances \u00e9nerg\u00e9tiques<\/strong> conformes, voire sup\u00e9rieures, \u00e0 la norme RT 2012 et sont certifi\u00e9s NF habitat ce qui leurs assurent une qualit\u00e9 de confort acoustique, \u00e9nerg\u00e9tique et d\u2019accessibilit\u00e9.<\/p>\t\t\t\t\t\t\t\t<\/div>\n\t\t\t\t<\/div>\n\t\t\t\t\t<\/div>\n\t\t<\/div>\n\t\t\t\t<div class=\"elementor-column elementor-col-50 elementor-top-column elementor-element elementor-element-96b72f6\" data-id=\"96b72f6\" data-element_type=\"column\" data-e-type=\"column\">\n\t\t\t<div class=\"elementor-widget-wrap elementor-element-populated\">\n\t\t\t\t\t\t<div class=\"elementor-element elementor-element-7844f14 elementor-widget elementor-widget-image\" data-id=\"7844f14\" data-element_type=\"widget\" data-e-type=\"widget\" data-widget_type=\"image.default\">\n\t\t\t\t<div class=\"elementor-widget-container\">\n\t\t\t\t\t\t\t\t\t\t\t\t\t\t\t<img decoding=\"async\" width=\"800\" height=\"534\" src=\"https:\/\/www.myli-immobilier.fr\/wp-content\/uploads\/2022\/11\/Ferney_V_62_Versoix-6-1024x683.jpg\" class=\"attachment-large size-large wp-image-102\" alt=\"\" srcset=\"https:\/\/www.myli-immobilier.fr\/wp-content\/uploads\/2022\/11\/Ferney_V_62_Versoix-6-1024x683.jpg 1024w, https:\/\/www.myli-immobilier.fr\/wp-content\/uploads\/2022\/11\/Ferney_V_62_Versoix-6-300x200.jpg 300w, https:\/\/www.myli-immobilier.fr\/wp-content\/uploads\/2022\/11\/Ferney_V_62_Versoix-6-768x512.jpg 768w, https:\/\/www.myli-immobilier.fr\/wp-content\/uploads\/2022\/11\/Ferney_V_62_Versoix-6-1536x1024.jpg 1536w, https:\/\/www.myli-immobilier.fr\/wp-content\/uploads\/2022\/11\/Ferney_V_62_Versoix-6-2048x1365.jpg 2048w\" sizes=\"(max-width: 800px) 100vw, 800px\" \/>\t\t\t\t\t\t\t\t\t\t\t\t\t\t\t<\/div>\n\t\t\t\t<\/div>\n\t\t\t\t\t<\/div>\n\t\t<\/div>\n\t\t\t\t\t<\/div>\n\t\t<\/section>\n\t\t\t\t<section class=\"elementor-section elementor-top-section elementor-element elementor-element-43a4717 elementor-section-boxed elementor-section-height-default elementor-section-height-default\" data-id=\"43a4717\" data-element_type=\"section\" data-e-type=\"section\">\n\t\t\t\t\t\t<div class=\"elementor-container elementor-column-gap-default\">\n\t\t\t\t\t<div class=\"elementor-column elementor-col-100 elementor-top-column elementor-element elementor-element-4a8a51d\" data-id=\"4a8a51d\" data-element_type=\"column\" data-e-type=\"column\">\n\t\t\t<div class=\"elementor-widget-wrap elementor-element-populated\">\n\t\t\t\t\t\t<div class=\"elementor-element elementor-element-4bb6652 elementor-widget elementor-widget-spacer\" data-id=\"4bb6652\" data-element_type=\"widget\" data-e-type=\"widget\" data-widget_type=\"spacer.default\">\n\t\t\t\t<div class=\"elementor-widget-container\">\n\t\t\t\t\t\t\t<div class=\"elementor-spacer\">\n\t\t\t<div class=\"elementor-spacer-inner\"><\/div>\n\t\t<\/div>\n\t\t\t\t\t\t<\/div>\n\t\t\t\t<\/div>\n\t\t\t\t\t<\/div>\n\t\t<\/div>\n\t\t\t\t\t<\/div>\n\t\t<\/section>\n\t\t\t\t<section class=\"elementor-section elementor-top-section elementor-element elementor-element-c7e0792 elementor-section-boxed elementor-section-height-default elementor-section-height-default\" data-id=\"c7e0792\" data-element_type=\"section\" data-e-type=\"section\">\n\t\t\t\t\t\t<div class=\"elementor-container elementor-column-gap-default\">\n\t\t\t\t\t<div class=\"elementor-column elementor-col-33 elementor-top-column elementor-element elementor-element-f4a87ed\" data-id=\"f4a87ed\" data-element_type=\"column\" data-e-type=\"column\">\n\t\t\t<div class=\"elementor-widget-wrap elementor-element-populated\">\n\t\t\t\t\t\t<div class=\"elementor-element elementor-element-e0a2b31 elementor-widget elementor-widget-image\" data-id=\"e0a2b31\" data-element_type=\"widget\" data-e-type=\"widget\" data-widget_type=\"image.default\">\n\t\t\t\t<div class=\"elementor-widget-container\">\n\t\t\t\t\t\t\t\t\t\t\t\t\t\t\t<img loading=\"lazy\" decoding=\"async\" width=\"510\" height=\"357\" src=\"https:\/\/www.myli-immobilier.fr\/wp-content\/uploads\/2022\/11\/rt2012.jpg\" class=\"attachment-large size-large wp-image-320\" alt=\"\" srcset=\"https:\/\/www.myli-immobilier.fr\/wp-content\/uploads\/2022\/11\/rt2012.jpg 510w, https:\/\/www.myli-immobilier.fr\/wp-content\/uploads\/2022\/11\/rt2012-300x210.jpg 300w\" sizes=\"(max-width: 510px) 100vw, 510px\" \/>\t\t\t\t\t\t\t\t\t\t\t\t\t\t\t<\/div>\n\t\t\t\t<\/div>\n\t\t\t\t\t<\/div>\n\t\t<\/div>\n\t\t\t\t<div class=\"elementor-column elementor-col-33 elementor-top-column elementor-element elementor-element-16c7702\" data-id=\"16c7702\" data-element_type=\"column\" data-e-type=\"column\">\n\t\t\t<div class=\"elementor-widget-wrap elementor-element-populated\">\n\t\t\t\t\t\t<div class=\"elementor-element elementor-element-cf098d9 elementor-widget elementor-widget-image\" data-id=\"cf098d9\" data-element_type=\"widget\" data-e-type=\"widget\" data-widget_type=\"image.default\">\n\t\t\t\t<div class=\"elementor-widget-container\">\n\t\t\t\t\t\t\t\t\t\t\t\t\t\t\t<img loading=\"lazy\" decoding=\"async\" width=\"200\" height=\"160\" src=\"https:\/\/www.myli-immobilier.fr\/wp-content\/uploads\/2022\/11\/20121120-1550-habitat-et-environnement-2.jpg\" class=\"attachment-large size-large wp-image-321\" alt=\"\" \/>\t\t\t\t\t\t\t\t\t\t\t\t\t\t\t<\/div>\n\t\t\t\t<\/div>\n\t\t\t\t\t<\/div>\n\t\t<\/div>\n\t\t\t\t<div class=\"elementor-column elementor-col-33 elementor-top-column elementor-element elementor-element-56e0573\" data-id=\"56e0573\" data-element_type=\"column\" data-e-type=\"column\">\n\t\t\t<div class=\"elementor-widget-wrap elementor-element-populated\">\n\t\t\t\t\t\t<div class=\"elementor-element elementor-element-358be36 elementor-widget elementor-widget-image\" data-id=\"358be36\" data-element_type=\"widget\" data-e-type=\"widget\" data-widget_type=\"image.default\">\n\t\t\t\t<div class=\"elementor-widget-container\">\n\t\t\t\t\t\t\t\t\t\t\t\t\t\t\t<img loading=\"lazy\" decoding=\"async\" width=\"620\" height=\"393\" src=\"https:\/\/www.myli-immobilier.fr\/wp-content\/uploads\/2022\/11\/LOGOTYPE-HQ-NANTES-CMJN2.jpg\" class=\"attachment-large size-large wp-image-322\" alt=\"\" srcset=\"https:\/\/www.myli-immobilier.fr\/wp-content\/uploads\/2022\/11\/LOGOTYPE-HQ-NANTES-CMJN2.jpg 620w, https:\/\/www.myli-immobilier.fr\/wp-content\/uploads\/2022\/11\/LOGOTYPE-HQ-NANTES-CMJN2-300x190.jpg 300w\" sizes=\"(max-width: 620px) 100vw, 620px\" \/>\t\t\t\t\t\t\t\t\t\t\t\t\t\t\t<\/div>\n\t\t\t\t<\/div>\n\t\t\t\t\t<\/div>\n\t\t<\/div>\n\t\t\t\t\t<\/div>\n\t\t<\/section>\n\t\t\t\t<section class=\"elementor-section elementor-top-section elementor-element elementor-element-a4e6204 elementor-section-boxed elementor-section-height-default elementor-section-height-default\" data-id=\"a4e6204\" data-element_type=\"section\" data-e-type=\"section\">\n\t\t\t\t\t\t<div class=\"elementor-container elementor-column-gap-default\">\n\t\t\t\t\t<div class=\"elementor-column elementor-col-100 elementor-top-column elementor-element elementor-element-8ebba47\" data-id=\"8ebba47\" data-element_type=\"column\" data-e-type=\"column\">\n\t\t\t<div class=\"elementor-widget-wrap elementor-element-populated\">\n\t\t\t\t\t\t<div class=\"elementor-element elementor-element-e3bfbce elementor-widget elementor-widget-spacer\" data-id=\"e3bfbce\" data-element_type=\"widget\" data-e-type=\"widget\" data-widget_type=\"spacer.default\">\n\t\t\t\t<div class=\"elementor-widget-container\">\n\t\t\t\t\t\t\t<div class=\"elementor-spacer\">\n\t\t\t<div class=\"elementor-spacer-inner\"><\/div>\n\t\t<\/div>\n\t\t\t\t\t\t<\/div>\n\t\t\t\t<\/div>\n\t\t\t\t\t<\/div>\n\t\t<\/div>\n\t\t\t\t\t<\/div>\n\t\t<\/section>\n\t\t\t\t<\/div>\n\t\t","protected":false},"excerpt":{"rendered":"<p>qualit\u00e9 et confort des logements Tous les logements interm\u00e9diaires offrent des prestations de haut niveau, sup\u00e9rieures aux standards du march\u00e9 pour l\u2019accession : parquet, carrelage, volets \u00e9lectriques, etc. Tous les b\u00e2timents r\u00e9pondent aux performances \u00e9nerg\u00e9tiques conformes, voire sup\u00e9rieures, \u00e0 la norme RT 2012 et sont certifi\u00e9s NF habitat ce qui leurs assurent une qualit\u00e9 de [&hellip;]<\/p>\n","protected":false},"author":1,"featured_media":0,"parent":0,"menu_order":0,"comment_status":"closed","ping_status":"closed","template":"","meta":{"footnotes":""},"class_list":["post-48","page","type-page","status-publish","hentry"],"yoast_head":"<!-- This site is optimized with the Yoast SEO plugin v27.5 - https:\/\/yoast.com\/product\/yoast-seo-wordpress\/ -->\n<title>Qualit\u00e9 et confort des logements - MyLi Immobilier<\/title>\n<meta name=\"robots\" content=\"index, follow, max-snippet:-1, max-image-preview:large, max-video-preview:-1\" \/>\n<link rel=\"canonical\" href=\"https:\/\/www.myli-immobilier.fr\/index.php\/qualite-et-confort-des-logements\/\" \/>\n<meta property=\"og:locale\" content=\"fr_FR\" \/>\n<meta property=\"og:type\" content=\"article\" \/>\n<meta property=\"og:title\" content=\"Qualit\u00e9 et confort des logements - MyLi Immobilier\" \/>\n<meta property=\"og:description\" content=\"qualit\u00e9 et confort des logements Tous les logements interm\u00e9diaires offrent des prestations de haut niveau, sup\u00e9rieures aux standards du march\u00e9 pour l\u2019accession : parquet, carrelage, volets \u00e9lectriques, etc. Tous les b\u00e2timents r\u00e9pondent aux performances \u00e9nerg\u00e9tiques conformes, voire sup\u00e9rieures, \u00e0 la norme RT 2012 et sont certifi\u00e9s NF habitat ce qui leurs assurent une qualit\u00e9 de [&hellip;]\" \/>\n<meta property=\"og:url\" content=\"https:\/\/www.myli-immobilier.fr\/index.php\/qualite-et-confort-des-logements\/\" \/>\n<meta property=\"og:site_name\" content=\"MyLi Immobilier\" \/>\n<meta property=\"article:publisher\" content=\"https:\/\/www.facebook.com\/MyLimmobilier\" \/>\n<meta property=\"article:modified_time\" content=\"2022-11-08T14:44:31+00:00\" \/>\n<meta property=\"og:image\" content=\"https:\/\/www.myli-immobilier.fr\/wp-content\/uploads\/2022\/11\/bandeau-scaled.jpg\" \/>\n<meta name=\"twitter:card\" content=\"summary_large_image\" \/>\n<meta name=\"twitter:site\" content=\"@myli_immobilier\" \/>\n<meta name=\"twitter:label1\" content=\"Dur\u00e9e de lecture estim\u00e9e\" \/>\n\t<meta name=\"twitter:data1\" content=\"2 minutes\" \/>\n<script type=\"application\/ld+json\" class=\"yoast-schema-graph\">{\"@context\":\"https:\\\/\\\/schema.org\",\"@graph\":[{\"@type\":\"WebPage\",\"@id\":\"https:\\\/\\\/www.myli-immobilier.fr\\\/index.php\\\/qualite-et-confort-des-logements\\\/\",\"url\":\"https:\\\/\\\/www.myli-immobilier.fr\\\/index.php\\\/qualite-et-confort-des-logements\\\/\",\"name\":\"Qualit\u00e9 et confort des logements - MyLi Immobilier\",\"isPartOf\":{\"@id\":\"https:\\\/\\\/www.myli-immobilier.fr\\\/#website\"},\"primaryImageOfPage\":{\"@id\":\"https:\\\/\\\/www.myli-immobilier.fr\\\/index.php\\\/qualite-et-confort-des-logements\\\/#primaryimage\"},\"image\":{\"@id\":\"https:\\\/\\\/www.myli-immobilier.fr\\\/index.php\\\/qualite-et-confort-des-logements\\\/#primaryimage\"},\"thumbnailUrl\":\"https:\\\/\\\/www.myli-immobilier.fr\\\/wp-content\\\/uploads\\\/2022\\\/11\\\/bandeau-scaled.jpg\",\"datePublished\":\"2022-11-07T10:08:42+00:00\",\"dateModified\":\"2022-11-08T14:44:31+00:00\",\"breadcrumb\":{\"@id\":\"https:\\\/\\\/www.myli-immobilier.fr\\\/index.php\\\/qualite-et-confort-des-logements\\\/#breadcrumb\"},\"inLanguage\":\"fr-FR\",\"potentialAction\":[{\"@type\":\"ReadAction\",\"target\":[\"https:\\\/\\\/www.myli-immobilier.fr\\\/index.php\\\/qualite-et-confort-des-logements\\\/\"]}]},{\"@type\":\"ImageObject\",\"inLanguage\":\"fr-FR\",\"@id\":\"https:\\\/\\\/www.myli-immobilier.fr\\\/index.php\\\/qualite-et-confort-des-logements\\\/#primaryimage\",\"url\":\"https:\\\/\\\/www.myli-immobilier.fr\\\/wp-content\\\/uploads\\\/2022\\\/11\\\/bandeau-scaled.jpg\",\"contentUrl\":\"https:\\\/\\\/www.myli-immobilier.fr\\\/wp-content\\\/uploads\\\/2022\\\/11\\\/bandeau-scaled.jpg\",\"width\":2560,\"height\":885},{\"@type\":\"BreadcrumbList\",\"@id\":\"https:\\\/\\\/www.myli-immobilier.fr\\\/index.php\\\/qualite-et-confort-des-logements\\\/#breadcrumb\",\"itemListElement\":[{\"@type\":\"ListItem\",\"position\":1,\"name\":\"Accueil\",\"item\":\"https:\\\/\\\/www.myli-immobilier.fr\\\/\"},{\"@type\":\"ListItem\",\"position\":2,\"name\":\"Qualit\u00e9 et confort des logements\"}]},{\"@type\":\"WebSite\",\"@id\":\"https:\\\/\\\/www.myli-immobilier.fr\\\/#website\",\"url\":\"https:\\\/\\\/www.myli-immobilier.fr\\\/\",\"name\":\"MyLi Immobilier\",\"description\":\"Logement locatif interm\u00e9diaire en Auvergne Rh\u00f4ne-Alpes\",\"publisher\":{\"@id\":\"https:\\\/\\\/www.myli-immobilier.fr\\\/#organization\"},\"potentialAction\":[{\"@type\":\"SearchAction\",\"target\":{\"@type\":\"EntryPoint\",\"urlTemplate\":\"https:\\\/\\\/www.myli-immobilier.fr\\\/?s={search_term_string}\"},\"query-input\":{\"@type\":\"PropertyValueSpecification\",\"valueRequired\":true,\"valueName\":\"search_term_string\"}}],\"inLanguage\":\"fr-FR\"},{\"@type\":\"Organization\",\"@id\":\"https:\\\/\\\/www.myli-immobilier.fr\\\/#organization\",\"name\":\"MyLi Immobilier\",\"url\":\"https:\\\/\\\/www.myli-immobilier.fr\\\/\",\"logo\":{\"@type\":\"ImageObject\",\"inLanguage\":\"fr-FR\",\"@id\":\"https:\\\/\\\/www.myli-immobilier.fr\\\/#\\\/schema\\\/logo\\\/image\\\/\",\"url\":\"https:\\\/\\\/www.myli-immobilier.fr\\\/wp-content\\\/uploads\\\/2022\\\/11\\\/Logo_MyLi_couleur.png\",\"contentUrl\":\"https:\\\/\\\/www.myli-immobilier.fr\\\/wp-content\\\/uploads\\\/2022\\\/11\\\/Logo_MyLi_couleur.png\",\"width\":591,\"height\":591,\"caption\":\"MyLi Immobilier\"},\"image\":{\"@id\":\"https:\\\/\\\/www.myli-immobilier.fr\\\/#\\\/schema\\\/logo\\\/image\\\/\"},\"sameAs\":[\"https:\\\/\\\/www.facebook.com\\\/MyLimmobilier\",\"https:\\\/\\\/x.com\\\/myli_immobilier\"]}]}<\/script>\n<!-- \/ Yoast SEO plugin. -->","yoast_head_json":{"title":"Qualit\u00e9 et confort des logements - MyLi Immobilier","robots":{"index":"index","follow":"follow","max-snippet":"max-snippet:-1","max-image-preview":"max-image-preview:large","max-video-preview":"max-video-preview:-1"},"canonical":"https:\/\/www.myli-immobilier.fr\/index.php\/qualite-et-confort-des-logements\/","og_locale":"fr_FR","og_type":"article","og_title":"Qualit\u00e9 et confort des logements - MyLi Immobilier","og_description":"qualit\u00e9 et confort des logements Tous les logements interm\u00e9diaires offrent des prestations de haut niveau, sup\u00e9rieures aux standards du march\u00e9 pour l\u2019accession : parquet, carrelage, volets \u00e9lectriques, etc. Tous les b\u00e2timents r\u00e9pondent aux performances \u00e9nerg\u00e9tiques conformes, voire sup\u00e9rieures, \u00e0 la norme RT 2012 et sont certifi\u00e9s NF habitat ce qui leurs assurent une qualit\u00e9 de [&hellip;]","og_url":"https:\/\/www.myli-immobilier.fr\/index.php\/qualite-et-confort-des-logements\/","og_site_name":"MyLi Immobilier","article_publisher":"https:\/\/www.facebook.com\/MyLimmobilier","article_modified_time":"2022-11-08T14:44:31+00:00","og_image":[{"url":"https:\/\/www.myli-immobilier.fr\/wp-content\/uploads\/2022\/11\/bandeau-scaled.jpg","type":"","width":"","height":""}],"twitter_card":"summary_large_image","twitter_site":"@myli_immobilier","twitter_misc":{"Dur\u00e9e de lecture estim\u00e9e":"2 minutes"},"schema":{"@context":"https:\/\/schema.org","@graph":[{"@type":"WebPage","@id":"https:\/\/www.myli-immobilier.fr\/index.php\/qualite-et-confort-des-logements\/","url":"https:\/\/www.myli-immobilier.fr\/index.php\/qualite-et-confort-des-logements\/","name":"Qualit\u00e9 et confort des logements - MyLi Immobilier","isPartOf":{"@id":"https:\/\/www.myli-immobilier.fr\/#website"},"primaryImageOfPage":{"@id":"https:\/\/www.myli-immobilier.fr\/index.php\/qualite-et-confort-des-logements\/#primaryimage"},"image":{"@id":"https:\/\/www.myli-immobilier.fr\/index.php\/qualite-et-confort-des-logements\/#primaryimage"},"thumbnailUrl":"https:\/\/www.myli-immobilier.fr\/wp-content\/uploads\/2022\/11\/bandeau-scaled.jpg","datePublished":"2022-11-07T10:08:42+00:00","dateModified":"2022-11-08T14:44:31+00:00","breadcrumb":{"@id":"https:\/\/www.myli-immobilier.fr\/index.php\/qualite-et-confort-des-logements\/#breadcrumb"},"inLanguage":"fr-FR","potentialAction":[{"@type":"ReadAction","target":["https:\/\/www.myli-immobilier.fr\/index.php\/qualite-et-confort-des-logements\/"]}]},{"@type":"ImageObject","inLanguage":"fr-FR","@id":"https:\/\/www.myli-immobilier.fr\/index.php\/qualite-et-confort-des-logements\/#primaryimage","url":"https:\/\/www.myli-immobilier.fr\/wp-content\/uploads\/2022\/11\/bandeau-scaled.jpg","contentUrl":"https:\/\/www.myli-immobilier.fr\/wp-content\/uploads\/2022\/11\/bandeau-scaled.jpg","width":2560,"height":885},{"@type":"BreadcrumbList","@id":"https:\/\/www.myli-immobilier.fr\/index.php\/qualite-et-confort-des-logements\/#breadcrumb","itemListElement":[{"@type":"ListItem","position":1,"name":"Accueil","item":"https:\/\/www.myli-immobilier.fr\/"},{"@type":"ListItem","position":2,"name":"Qualit\u00e9 et confort des logements"}]},{"@type":"WebSite","@id":"https:\/\/www.myli-immobilier.fr\/#website","url":"https:\/\/www.myli-immobilier.fr\/","name":"MyLi Immobilier","description":"Logement locatif interm\u00e9diaire en Auvergne Rh\u00f4ne-Alpes","publisher":{"@id":"https:\/\/www.myli-immobilier.fr\/#organization"},"potentialAction":[{"@type":"SearchAction","target":{"@type":"EntryPoint","urlTemplate":"https:\/\/www.myli-immobilier.fr\/?s={search_term_string}"},"query-input":{"@type":"PropertyValueSpecification","valueRequired":true,"valueName":"search_term_string"}}],"inLanguage":"fr-FR"},{"@type":"Organization","@id":"https:\/\/www.myli-immobilier.fr\/#organization","name":"MyLi Immobilier","url":"https:\/\/www.myli-immobilier.fr\/","logo":{"@type":"ImageObject","inLanguage":"fr-FR","@id":"https:\/\/www.myli-immobilier.fr\/#\/schema\/logo\/image\/","url":"https:\/\/www.myli-immobilier.fr\/wp-content\/uploads\/2022\/11\/Logo_MyLi_couleur.png","contentUrl":"https:\/\/www.myli-immobilier.fr\/wp-content\/uploads\/2022\/11\/Logo_MyLi_couleur.png","width":591,"height":591,"caption":"MyLi Immobilier"},"image":{"@id":"https:\/\/www.myli-immobilier.fr\/#\/schema\/logo\/image\/"},"sameAs":["https:\/\/www.facebook.com\/MyLimmobilier","https:\/\/x.com\/myli_immobilier"]}]}},"_links":{"self":[{"href":"https:\/\/www.myli-immobilier.fr\/index.php\/wp-json\/wp\/v2\/pages\/48","targetHints":{"allow":["GET"]}}],"collection":[{"href":"https:\/\/www.myli-immobilier.fr\/index.php\/wp-json\/wp\/v2\/pages"}],"about":[{"href":"https:\/\/www.myli-immobilier.fr\/index.php\/wp-json\/wp\/v2\/types\/page"}],"author":[{"embeddable":true,"href":"https:\/\/www.myli-immobilier.fr\/index.php\/wp-json\/wp\/v2\/users\/1"}],"replies":[{"embeddable":true,"href":"https:\/\/www.myli-immobilier.fr\/index.php\/wp-json\/wp\/v2\/comments?post=48"}],"version-history":[{"count":13,"href":"https:\/\/www.myli-immobilier.fr\/index.php\/wp-json\/wp\/v2\/pages\/48\/revisions"}],"predecessor-version":[{"id":325,"href":"https:\/\/www.myli-immobilier.fr\/index.php\/wp-json\/wp\/v2\/pages\/48\/revisions\/325"}],"wp:attachment":[{"href":"https:\/\/www.myli-immobilier.fr\/index.php\/wp-json\/wp\/v2\/media?parent=48"}],"curies":[{"name":"wp","href":"https:\/\/api.w.org\/{rel}","templated":true}]}}